{"id":376,"date":"2015-05-31T20:31:11","date_gmt":"2015-05-31T23:31:11","guid":{"rendered":"https:\/\/www.pipacomunica.com.br\/livrariadapipa\/?post_type=product&#038;p=376"},"modified":"2024-08-14T12:53:44","modified_gmt":"2024-08-14T15:53:44","slug":"amazonia-visao-caleidoscopica","status":"publish","type":"product","link":"https:\/\/www.pipacomunica.com.br\/livrariadapipa\/produto\/amazonia-visao-caleidoscopica\/","title":{"rendered":"Amaz\u00f4nia: vis\u00e3o caleidosc\u00f3pica"},"content":{"rendered":"<p><strong>Amaz\u00f4nia: vis\u00e3o caleidosc\u00f3pica<\/strong><br \/>\nMarieta Prata de Lima Dias; Neusa In\u00eas Philippsen; Sandra Luzia Wrobel Straub; T\u00e2nia Pitombo de Oliveira<br \/>\nPDF<\/p>\n<p>1\u00aa Edi\u00e7\u00e3o. Pipa Comunica\u00e7\u00e3o. 2015.<br \/>\nISBN 978-85-66530-38-4<br \/>\n505p. : Il., Fig., Quadros. Inclui bibliografia.<br \/>\n1. Amaz\u00f4nia. 2. Linguagem. 3. Pol\u00edtica. 4. Sociologia. 5. Economia.; 6. Direito. 7. Educa\u00e7\u00e3o. 8. Ci\u00eancias Naturais.<\/p>\n<p><em>Amaz\u00f4nia: vis\u00e3o caleidosc\u00f3pica <\/em>\u00e9 uma obra coletiva que prop\u00f5e a integra\u00e7\u00e3o de conhecimentos a partir de diferentes vis\u00f5es da Amaz\u00f4nia. Multidisciplinar, o livro digital re\u00fane contribui\u00e7\u00f5es de pesquisadores de diferentes institui\u00e7\u00f5es e \u00e1reas do conhecimento. Entre as abordagens, an\u00e1lises no campo da Pol\u00edtica, da Sociologia, da Economia, do Direito, da Linguagem, da Educa\u00e7\u00e3o e das Ci\u00eancias Naturais. Organizada pelas pesquisadoras Marieta Prata de Lima Dias, Neusa In\u00eas Philippsen, Sandra Luzia Wrobel Straub e T\u00e2nia Pitombo de Oliveira, a obra tem o objetivo de propor uma reflex\u00e3o sobre a divis\u00e3o do conhecimento cient\u00edfico em diversas \u00e1reas de especializa\u00e7\u00e3o. Para as organizadoras integrar conhecimentos pode ser a solu\u00e7\u00e3o para problemas ao proporcionar o di\u00e1logo entre diferentes \u00e1reas.<\/p>\n<p>Mais informa\u00e7\u00f5es: <a href=\"http:\/\/pipacomunicacao.blogspot.com.br\/2015\/06\/amazonia-visao-caleidoscopica.html\">http:\/\/pipacomunicacao.blogspot.com.br\/2015\/06\/amazonia-visao-caleidoscopica.html<\/a><\/p>\n","protected":false},"excerpt":{"rendered":"<p><strong>Amaz\u00f4nia: vis\u00e3o caleidosc\u00f3pica<\/strong><br \/>\nMarieta Prata de Lima Dias; Neusa In\u00eas Philippsen; Sandra Luzia Wrobel Straub; T\u00e2nia Pitombo de Oliveira<br \/>\nLivro Digital \u2014 PDF, ePub e Mobi<\/p>\n<p>Livro Digital \u2014 PDF, ePub e Mobi<br \/>\nISBN 978-85-66530-38-4<\/p>\n<p><em>Amaz\u00f4nia: vis\u00e3o caleidosc\u00f3pica <\/em>\u00e9 uma obra coletiva que prop\u00f5e a integra\u00e7\u00e3o de conhecimentos a partir de diferentes vis\u00f5es da Amaz\u00f4nia. Multidisciplinar, o livro digital re\u00fane contribui\u00e7\u00f5es de pesquisadores de diferentes institui\u00e7\u00f5es e \u00e1reas do conhecimento. Entre as abordagens, an\u00e1lises no campo da Pol\u00edtica, da Sociologia, da Economia, do Direito, da Linguagem, da Educa\u00e7\u00e3o e das Ci\u00eancias Naturais. Organizada pelas pesquisadoras Marieta Prata de Lima Dias, Neusa In\u00eas Philippsen, Sandra Luzia Wrobel Straub e T\u00e2nia Pitombo de Oliveira, a obra tem o objetivo de propor uma reflex\u00e3o sobre a divis\u00e3o do conhecimento cient\u00edfico em diversas \u00e1reas de especializa\u00e7\u00e3o. Para as organizadoras integrar conhecimentos pode ser a solu\u00e7\u00e3o para problemas ao proporcionar o di\u00e1logo entre diferentes \u00e1reas.<\/p>\n<p>Mais informa\u00e7\u00f5es: <a href=\"http:\/\/pipacomunicacao.blogspot.com.br\/2015\/06\/amazonia-visao-caleidoscopica.html\">http:\/\/pipacomunicacao.blogspot.com.br\/2015\/06\/amazonia-visao-caleidoscopica.html<\/a><\/p>\n","protected":false},"featured_media":6891,"comment_status":"open","ping_status":"closed","template":"","meta":{"jetpack_post_was_ever_published":false,"jetpack_publicize_message":"","jetpack_publicize_feature_enabled":true,"jetpack_social_post_already_shared":true,"jetpack_social_options":{"image_generator_settings":{"template":"highway","default_image_id":0,"font":"","enabled":false},"version":2}},"product_brand":[],"product_cat":[34,19,17],"product_tag":[],"class_list":{"0":"post-376","1":"product","2":"type-product","3":"status-publish","4":"has-post-thumbnail","6":"product_cat-sem-categoria","7":"product_cat-livros-digitais","8":"product_cat-gratuitos","10":"first","11":"instock","12":"sold-individually","13":"shipping-taxable","14":"product-type-external"},"yoast_head":"<!-- This site is optimized with the Yoast SEO plugin v27.1.1 - https:\/\/yoast.com\/product\/yoast-seo-wordpress\/ -->\n<title>Amaz\u00f4nia: vis\u00e3o caleidosc\u00f3pica - Livraria da Pipa Comunica\u00e7\u00e3o<\/title>\n<meta name=\"description\" content=\"Amaz\u00f4nia: vis\u00e3o caleidosc\u00f3pica \u00e9 uma obra coletiva que prop\u00f5e a integra\u00e7\u00e3o de conhecimentos a partir de diferentes vis\u00f5es da Amaz\u00f4nia.\" \/>\n<meta name=\"robots\" content=\"index, follow, max-snippet:-1, max-image-preview:large, max-video-preview:-1\" \/>\n<link rel=\"canonical\" href=\"https:\/\/www.pipacomunica.com.br\/livrariadapipa\/produto\/amazonia-visao-caleidoscopica\/\" \/>\n<meta property=\"og:locale\" content=\"pt_BR\" \/>\n<meta property=\"og:type\" content=\"article\" \/>\n<meta property=\"og:title\" content=\"Amaz\u00f4nia: vis\u00e3o caleidosc\u00f3pica - Livraria da Pipa Comunica\u00e7\u00e3o\" \/>\n<meta property=\"og:description\" content=\"Amaz\u00f4nia: vis\u00e3o caleidosc\u00f3pica \u00e9 uma obra coletiva que prop\u00f5e a integra\u00e7\u00e3o de conhecimentos a partir de diferentes vis\u00f5es da Amaz\u00f4nia.\" \/>\n<meta property=\"og:url\" content=\"https:\/\/www.pipacomunica.com.br\/livrariadapipa\/produto\/amazonia-visao-caleidoscopica\/\" \/>\n<meta property=\"og:site_name\" content=\"Livraria da Pipa Comunica\u00e7\u00e3o\" \/>\n<meta property=\"article:publisher\" content=\"https:\/\/www.facebook.com\/pipacomunica\" \/>\n<meta property=\"article:modified_time\" content=\"2024-08-14T15:53:44+00:00\" \/>\n<meta property=\"og:image\" content=\"https:\/\/www.pipacomunica.com.br\/livrariadapipa\/wp-content\/uploads\/2015\/05\/thumb-2017.png\" \/>\n\t<meta property=\"og:image:width\" content=\"1000\" \/>\n\t<meta property=\"og:image:height\" content=\"520\" \/>\n\t<meta property=\"og:image:type\" content=\"image\/png\" \/>\n<meta name=\"twitter:card\" content=\"summary_large_image\" \/>\n<meta name=\"twitter:title\" content=\"Amaz\u00f4nia: vis\u00e3o caleidosc\u00f3pica - Livraria da Pipa Comunica\u00e7\u00e3o\" \/>\n<meta name=\"twitter:description\" content=\"Amaz\u00f4nia: vis\u00e3o caleidosc\u00f3pica \u00e9 uma obra coletiva que prop\u00f5e a integra\u00e7\u00e3o de conhecimentos a partir de diferentes vis\u00f5es da Amaz\u00f4nia.\" \/>\n<meta name=\"twitter:image\" content=\"https:\/\/i0.wp.com\/www.pipacomunica.com.br\/livrariadapipa\/wp-content\/uploads\/2015\/05\/thumb-2017.png?fit=1000%2C520&ssl=1\" \/>\n<meta name=\"twitter:site\" content=\"@PipaComunica\" \/>\n<meta name=\"twitter:label1\" content=\"Est. tempo de leitura\" \/>\n\t<meta name=\"twitter:data1\" content=\"1 minuto\" \/>\n<script type=\"application\/ld+json\" class=\"yoast-schema-graph\">{\"@context\":\"https:\/\/schema.org\",\"@graph\":[{\"@type\":\"WebPage\",\"@id\":\"https:\/\/www.pipacomunica.com.br\/livrariadapipa\/produto\/amazonia-visao-caleidoscopica\/\",\"url\":\"https:\/\/www.pipacomunica.com.br\/livrariadapipa\/produto\/amazonia-visao-caleidoscopica\/\",\"name\":\"Amaz\u00f4nia: vis\u00e3o caleidosc\u00f3pica - Livraria da Pipa Comunica\u00e7\u00e3o\",\"isPartOf\":{\"@id\":\"https:\/\/www.pipacomunica.com.br\/livrariadapipa\/#website\"},\"primaryImageOfPage\":{\"@id\":\"https:\/\/www.pipacomunica.com.br\/livrariadapipa\/produto\/amazonia-visao-caleidoscopica\/#primaryimage\"},\"image\":{\"@id\":\"https:\/\/www.pipacomunica.com.br\/livrariadapipa\/produto\/amazonia-visao-caleidoscopica\/#primaryimage\"},\"thumbnailUrl\":\"https:\/\/i0.wp.com\/www.pipacomunica.com.br\/livrariadapipa\/wp-content\/uploads\/2015\/05\/Capa-Amazonia-Visao-caleidoscopica.jpg?fit=461%2C595&ssl=1\",\"datePublished\":\"2015-05-31T23:31:11+00:00\",\"dateModified\":\"2024-08-14T15:53:44+00:00\",\"description\":\"Amaz\u00f4nia: vis\u00e3o caleidosc\u00f3pica \u00e9 uma obra coletiva que prop\u00f5e a integra\u00e7\u00e3o de conhecimentos a partir de diferentes vis\u00f5es da Amaz\u00f4nia.\",\"breadcrumb\":{\"@id\":\"https:\/\/www.pipacomunica.com.br\/livrariadapipa\/produto\/amazonia-visao-caleidoscopica\/#breadcrumb\"},\"inLanguage\":\"pt-BR\",\"potentialAction\":[{\"@type\":\"ReadAction\",\"target\":[\"https:\/\/www.pipacomunica.com.br\/livrariadapipa\/produto\/amazonia-visao-caleidoscopica\/\"]}]},{\"@type\":\"ImageObject\",\"inLanguage\":\"pt-BR\",\"@id\":\"https:\/\/www.pipacomunica.com.br\/livrariadapipa\/produto\/amazonia-visao-caleidoscopica\/#primaryimage\",\"url\":\"https:\/\/i0.wp.com\/www.pipacomunica.com.br\/livrariadapipa\/wp-content\/uploads\/2015\/05\/Capa-Amazonia-Visao-caleidoscopica.jpg?fit=461%2C595&ssl=1\",\"contentUrl\":\"https:\/\/i0.wp.com\/www.pipacomunica.com.br\/livrariadapipa\/wp-content\/uploads\/2015\/05\/Capa-Amazonia-Visao-caleidoscopica.jpg?fit=461%2C595&ssl=1\",\"width\":461,\"height\":595,\"caption\":\"Amaz\u00f4nia: vis\u00e3o caleidosc\u00f3pica\"},{\"@type\":\"BreadcrumbList\",\"@id\":\"https:\/\/www.pipacomunica.com.br\/livrariadapipa\/produto\/amazonia-visao-caleidoscopica\/#breadcrumb\",\"itemListElement\":[{\"@type\":\"ListItem\",\"position\":1,\"name\":\"In\u00edcio\",\"item\":\"https:\/\/www.pipacomunica.com.br\/livrariadapipa\/\"},{\"@type\":\"ListItem\",\"position\":2,\"name\":\"Cat\u00e1logo\",\"item\":\"https:\/\/www.pipacomunica.com.br\/livrariadapipa\/vitrine\/\"},{\"@type\":\"ListItem\",\"position\":3,\"name\":\"Amaz\u00f4nia: vis\u00e3o caleidosc\u00f3pica\"}]},{\"@type\":\"WebSite\",\"@id\":\"https:\/\/www.pipacomunica.com.br\/livrariadapipa\/#website\",\"url\":\"https:\/\/www.pipacomunica.com.br\/livrariadapipa\/\",\"name\":\"Livraria da Pipa Comunica\u00e7\u00e3o\",\"description\":\"Livros mais baratos que xerox\",\"publisher\":{\"@id\":\"https:\/\/www.pipacomunica.com.br\/livrariadapipa\/#organization\"},\"potentialAction\":[{\"@type\":\"SearchAction\",\"target\":{\"@type\":\"EntryPoint\",\"urlTemplate\":\"https:\/\/www.pipacomunica.com.br\/livrariadapipa\/?s={search_term_string}\"},\"query-input\":{\"@type\":\"PropertyValueSpecification\",\"valueRequired\":true,\"valueName\":\"search_term_string\"}}],\"inLanguage\":\"pt-BR\"},{\"@type\":\"Organization\",\"@id\":\"https:\/\/www.pipacomunica.com.br\/livrariadapipa\/#organization\",\"name\":\"Livraria da Pipa Comunica\u00e7\u00e3o\",\"url\":\"https:\/\/www.pipacomunica.com.br\/livrariadapipa\/\",\"logo\":{\"@type\":\"ImageObject\",\"inLanguage\":\"pt-BR\",\"@id\":\"https:\/\/www.pipacomunica.com.br\/livrariadapipa\/#\/schema\/logo\/image\/\",\"url\":\"https:\/\/i0.wp.com\/www.pipacomunica.com.br\/livrariadapipa\/wp-content\/uploads\/2018\/09\/marca-livraria-pipa-400px-negativo.png?fit=400%2C80&ssl=1\",\"contentUrl\":\"https:\/\/i0.wp.com\/www.pipacomunica.com.br\/livrariadapipa\/wp-content\/uploads\/2018\/09\/marca-livraria-pipa-400px-negativo.png?fit=400%2C80&ssl=1\",\"width\":400,\"height\":80,\"caption\":\"Livraria da Pipa Comunica\u00e7\u00e3o\"},\"image\":{\"@id\":\"https:\/\/www.pipacomunica.com.br\/livrariadapipa\/#\/schema\/logo\/image\/\"},\"sameAs\":[\"https:\/\/www.facebook.com\/pipacomunica\",\"https:\/\/x.com\/PipaComunica\",\"https:\/\/instagram.com\/pipacomunicacao\",\"http:\/\/www.linkedin.com\/companies\/pipa-comunica-o\",\"https:\/\/br.pinterest.com\/pipacomunicacao\/\",\"http:\/\/il.youtube.com\/user\/pipacomunicacao\"]}]}<\/script>\n<!-- \/ Yoast SEO plugin. -->","yoast_head_json":{"title":"Amaz\u00f4nia: vis\u00e3o caleidosc\u00f3pica - Livraria da Pipa Comunica\u00e7\u00e3o","description":"Amaz\u00f4nia: vis\u00e3o caleidosc\u00f3pica \u00e9 uma obra coletiva que prop\u00f5e a integra\u00e7\u00e3o de conhecimentos a partir de diferentes vis\u00f5es da Amaz\u00f4nia.","robots":{"index":"index","follow":"follow","max-snippet":"max-snippet:-1","max-image-preview":"max-image-preview:large","max-video-preview":"max-video-preview:-1"},"canonical":"https:\/\/www.pipacomunica.com.br\/livrariadapipa\/produto\/amazonia-visao-caleidoscopica\/","og_locale":"pt_BR","og_type":"article","og_title":"Amaz\u00f4nia: vis\u00e3o caleidosc\u00f3pica - Livraria da Pipa Comunica\u00e7\u00e3o","og_description":"Amaz\u00f4nia: vis\u00e3o caleidosc\u00f3pica \u00e9 uma obra coletiva que prop\u00f5e a integra\u00e7\u00e3o de conhecimentos a partir de diferentes vis\u00f5es da Amaz\u00f4nia.","og_url":"https:\/\/www.pipacomunica.com.br\/livrariadapipa\/produto\/amazonia-visao-caleidoscopica\/","og_site_name":"Livraria da Pipa Comunica\u00e7\u00e3o","article_publisher":"https:\/\/www.facebook.com\/pipacomunica","article_modified_time":"2024-08-14T15:53:44+00:00","og_image":[{"width":1000,"height":520,"url":"https:\/\/www.pipacomunica.com.br\/livrariadapipa\/wp-content\/uploads\/2015\/05\/thumb-2017.png","type":"image\/png"}],"twitter_card":"summary_large_image","twitter_title":"Amaz\u00f4nia: vis\u00e3o caleidosc\u00f3pica - Livraria da Pipa Comunica\u00e7\u00e3o","twitter_description":"Amaz\u00f4nia: vis\u00e3o caleidosc\u00f3pica \u00e9 uma obra coletiva que prop\u00f5e a integra\u00e7\u00e3o de conhecimentos a partir de diferentes vis\u00f5es da Amaz\u00f4nia.","twitter_image":"https:\/\/i0.wp.com\/www.pipacomunica.com.br\/livrariadapipa\/wp-content\/uploads\/2015\/05\/thumb-2017.png?fit=1000%2C520&ssl=1","twitter_site":"@PipaComunica","twitter_misc":{"Est. tempo de leitura":"1 minuto"},"schema":{"@context":"https:\/\/schema.org","@graph":[{"@type":"WebPage","@id":"https:\/\/www.pipacomunica.com.br\/livrariadapipa\/produto\/amazonia-visao-caleidoscopica\/","url":"https:\/\/www.pipacomunica.com.br\/livrariadapipa\/produto\/amazonia-visao-caleidoscopica\/","name":"Amaz\u00f4nia: vis\u00e3o caleidosc\u00f3pica - Livraria da Pipa Comunica\u00e7\u00e3o","isPartOf":{"@id":"https:\/\/www.pipacomunica.com.br\/livrariadapipa\/#website"},"primaryImageOfPage":{"@id":"https:\/\/www.pipacomunica.com.br\/livrariadapipa\/produto\/amazonia-visao-caleidoscopica\/#primaryimage"},"image":{"@id":"https:\/\/www.pipacomunica.com.br\/livrariadapipa\/produto\/amazonia-visao-caleidoscopica\/#primaryimage"},"thumbnailUrl":"https:\/\/i0.wp.com\/www.pipacomunica.com.br\/livrariadapipa\/wp-content\/uploads\/2015\/05\/Capa-Amazonia-Visao-caleidoscopica.jpg?fit=461%2C595&ssl=1","datePublished":"2015-05-31T23:31:11+00:00","dateModified":"2024-08-14T15:53:44+00:00","description":"Amaz\u00f4nia: vis\u00e3o caleidosc\u00f3pica \u00e9 uma obra coletiva que prop\u00f5e a integra\u00e7\u00e3o de conhecimentos a partir de diferentes vis\u00f5es da Amaz\u00f4nia.","breadcrumb":{"@id":"https:\/\/www.pipacomunica.com.br\/livrariadapipa\/produto\/amazonia-visao-caleidoscopica\/#breadcrumb"},"inLanguage":"pt-BR","potentialAction":[{"@type":"ReadAction","target":["https:\/\/www.pipacomunica.com.br\/livrariadapipa\/produto\/amazonia-visao-caleidoscopica\/"]}]},{"@type":"ImageObject","inLanguage":"pt-BR","@id":"https:\/\/www.pipacomunica.com.br\/livrariadapipa\/produto\/amazonia-visao-caleidoscopica\/#primaryimage","url":"https:\/\/i0.wp.com\/www.pipacomunica.com.br\/livrariadapipa\/wp-content\/uploads\/2015\/05\/Capa-Amazonia-Visao-caleidoscopica.jpg?fit=461%2C595&ssl=1","contentUrl":"https:\/\/i0.wp.com\/www.pipacomunica.com.br\/livrariadapipa\/wp-content\/uploads\/2015\/05\/Capa-Amazonia-Visao-caleidoscopica.jpg?fit=461%2C595&ssl=1","width":461,"height":595,"caption":"Amaz\u00f4nia: vis\u00e3o caleidosc\u00f3pica"},{"@type":"BreadcrumbList","@id":"https:\/\/www.pipacomunica.com.br\/livrariadapipa\/produto\/amazonia-visao-caleidoscopica\/#breadcrumb","itemListElement":[{"@type":"ListItem","position":1,"name":"In\u00edcio","item":"https:\/\/www.pipacomunica.com.br\/livrariadapipa\/"},{"@type":"ListItem","position":2,"name":"Cat\u00e1logo","item":"https:\/\/www.pipacomunica.com.br\/livrariadapipa\/vitrine\/"},{"@type":"ListItem","position":3,"name":"Amaz\u00f4nia: vis\u00e3o caleidosc\u00f3pica"}]},{"@type":"WebSite","@id":"https:\/\/www.pipacomunica.com.br\/livrariadapipa\/#website","url":"https:\/\/www.pipacomunica.com.br\/livrariadapipa\/","name":"Livraria da Pipa Comunica\u00e7\u00e3o","description":"Livros mais baratos que xerox","publisher":{"@id":"https:\/\/www.pipacomunica.com.br\/livrariadapipa\/#organization"},"potentialAction":[{"@type":"SearchAction","target":{"@type":"EntryPoint","urlTemplate":"https:\/\/www.pipacomunica.com.br\/livrariadapipa\/?s={search_term_string}"},"query-input":{"@type":"PropertyValueSpecification","valueRequired":true,"valueName":"search_term_string"}}],"inLanguage":"pt-BR"},{"@type":"Organization","@id":"https:\/\/www.pipacomunica.com.br\/livrariadapipa\/#organization","name":"Livraria da Pipa Comunica\u00e7\u00e3o","url":"https:\/\/www.pipacomunica.com.br\/livrariadapipa\/","logo":{"@type":"ImageObject","inLanguage":"pt-BR","@id":"https:\/\/www.pipacomunica.com.br\/livrariadapipa\/#\/schema\/logo\/image\/","url":"https:\/\/i0.wp.com\/www.pipacomunica.com.br\/livrariadapipa\/wp-content\/uploads\/2018\/09\/marca-livraria-pipa-400px-negativo.png?fit=400%2C80&ssl=1","contentUrl":"https:\/\/i0.wp.com\/www.pipacomunica.com.br\/livrariadapipa\/wp-content\/uploads\/2018\/09\/marca-livraria-pipa-400px-negativo.png?fit=400%2C80&ssl=1","width":400,"height":80,"caption":"Livraria da Pipa Comunica\u00e7\u00e3o"},"image":{"@id":"https:\/\/www.pipacomunica.com.br\/livrariadapipa\/#\/schema\/logo\/image\/"},"sameAs":["https:\/\/www.facebook.com\/pipacomunica","https:\/\/x.com\/PipaComunica","https:\/\/instagram.com\/pipacomunicacao","http:\/\/www.linkedin.com\/companies\/pipa-comunica-o","https:\/\/br.pinterest.com\/pipacomunicacao\/","http:\/\/il.youtube.com\/user\/pipacomunicacao"]}]}},"jetpack_publicize_connections":[],"jetpack_sharing_enabled":true,"_links":{"self":[{"href":"https:\/\/www.pipacomunica.com.br\/livrariadapipa\/wp-json\/wp\/v2\/product\/376","targetHints":{"allow":["GET"]}}],"collection":[{"href":"https:\/\/www.pipacomunica.com.br\/livrariadapipa\/wp-json\/wp\/v2\/product"}],"about":[{"href":"https:\/\/www.pipacomunica.com.br\/livrariadapipa\/wp-json\/wp\/v2\/types\/product"}],"replies":[{"embeddable":true,"href":"https:\/\/www.pipacomunica.com.br\/livrariadapipa\/wp-json\/wp\/v2\/comments?post=376"}],"version-history":[{"count":3,"href":"https:\/\/www.pipacomunica.com.br\/livrariadapipa\/wp-json\/wp\/v2\/product\/376\/revisions"}],"predecessor-version":[{"id":12184,"href":"https:\/\/www.pipacomunica.com.br\/livrariadapipa\/wp-json\/wp\/v2\/product\/376\/revisions\/12184"}],"wp:featuredmedia":[{"embeddable":true,"href":"https:\/\/www.pipacomunica.com.br\/livrariadapipa\/wp-json\/wp\/v2\/media\/6891"}],"wp:attachment":[{"href":"https:\/\/www.pipacomunica.com.br\/livrariadapipa\/wp-json\/wp\/v2\/media?parent=376"}],"wp:term":[{"taxonomy":"product_brand","embeddable":true,"href":"https:\/\/www.pipacomunica.com.br\/livrariadapipa\/wp-json\/wp\/v2\/product_brand?post=376"},{"taxonomy":"product_cat","embeddable":true,"href":"https:\/\/www.pipacomunica.com.br\/livrariadapipa\/wp-json\/wp\/v2\/product_cat?post=376"},{"taxonomy":"product_tag","embeddable":true,"href":"https:\/\/www.pipacomunica.com.br\/livrariadapipa\/wp-json\/wp\/v2\/product_tag?post=376"}],"curies":[{"name":"wp","href":"https:\/\/api.w.org\/{rel}","templated":true}]}}