{"id":2822,"date":"2018-11-25T11:35:12","date_gmt":"2018-11-25T14:35:12","guid":{"rendered":"https:\/\/www.pipacomunica.com.br\/livrariadapipa\/?post_type=product&#038;p=2822"},"modified":"2023-02-03T16:26:10","modified_gmt":"2023-02-03T19:26:10","slug":"memorias-de-formacao","status":"publish","type":"product","link":"https:\/\/www.pipacomunica.com.br\/livrariadapipa\/produto\/memorias-de-formacao\/","title":{"rendered":"Mem\u00f3rias de forma\u00e7\u00e3o: do ser e do sentir"},"content":{"rendered":"<p><strong>Mem\u00f3rias de forma\u00e7\u00e3o: do ser e do sentir<\/strong><br \/>\n<em>60 anos do Col\u00e9gio de Aplica\u00e7\u00e3o da UFPE<\/em><br \/>\nAdriana Let\u00edcia Torres da Rosa, Cristina L\u00facia de Almeida, Fabiana Souto Lima Vidal, Jos\u00e9 Batista de Barros, Madson Gois Diniz, S\u00e9rgio Ricardo Vieira Ramos (orgs.)<\/p>\n<p>eBook \u2014 PDF, EPUB e MOBI<\/p>\n<p>Ao longo desses 60 anos o <a href=\"https:\/\/www.ufpe.br\/cap\" target=\"_blank\" rel=\"noopener\">Col\u00e9gio de Aplica\u00e7\u00e3o da UFPE<\/a> (CAp) tem se apresentado como uma escola que busca conhecer e se envolver com a realidade social que a cerca, colaborando na forma\u00e7\u00e3o do cidad\u00e3o reflexivo, cr\u00edtico e part\u00edcipe, ao buscar alternativas comuns e solu\u00e7\u00f5es partilhadas na constru\u00e7\u00e3o de uma sociedade justa, igualit\u00e1ria, democr\u00e1tica e solid\u00e1ria. Muitos motivos temos para celebrar. Muitos motivos tamb\u00e9m para agradecer. Aqui lan\u00e7amos nossas mem\u00f3rias como ecos de reflex\u00e3o e resist\u00eancia para gera\u00e7\u00f5es futuras. Isso \u00e9 fruto de um trabalho conjunto de todos e todas que fazem o CAp\/UFPE: os servidores t\u00e9cnicos lotados na escola. Os docentes, distribu\u00eddos em suas \u00e1reas de conhecimento, forma\u00e7\u00e3o e atua\u00e7\u00e3o. Os alunos e alunas, que nos desafiam diariamente a aprender ensinando e a ensinar aprendendo. Os familiares\/pais\/respons\u00e1veis, pela parceria Escola-Fam\u00edlia estabelecida. Os funcion\u00e1rios terceirizados, pela disponibilidade e empenho. \u2014 Madson G\u00f3is Diniz<\/p>\n<p>1\u00aa Edi\u00e7\u00e3o. Pipa Comunica\u00e7\u00e3o. 2018.<br \/>\nISBN 978-85-66530-83-4<br \/>\n308p. : Il., Fig., Quadros. (e-book)<br \/>\n1. Educa\u00e7\u00e3o. 2. Ensino B\u00e1sico. 3. Col\u00e9gio de Aplica\u00e7\u00e3o. 4. CAp\/UFPE. 5. 60 anos.<\/p>\n<h5>V\u00eddeo de Lan\u00e7amento<\/h5>\n<div class=\"su-youtube su-u-responsive-media-yes\"><iframe width=\"600\" height=\"400\" src=\"https:\/\/www.youtube.com\/embed\/vhLUDWID5ew?\" frameborder=\"0\" allowfullscreen allow=\"autoplay; encrypted-media; picture-in-picture\" title=\"\"><\/iframe><\/div>\n<p><strong>Capa e projeto gr\u00e1fico<\/strong>: Karla Vidal<br \/>\n<strong>Diagrama\u00e7\u00e3o <\/strong>: Augusto Noronha e Karla Vidal<br \/>\n<strong>Revis\u00e3o <\/strong>: Os organizadores<br \/>\n<strong>Edi\u00e7\u00e3o <\/strong>: Pipa Comunica\u00e7\u00e3o &#8211; https:\/\/www.pipacomunica.com.br<\/p>\n","protected":false},"excerpt":{"rendered":"<p><strong>60 anos do Col\u00e9gio de Aplica\u00e7\u00e3o da UFPE<\/strong><br \/>\nAdriana Let\u00edcia Torres da Rosa, Cristina L\u00facia de Almeida, Fabiana Souto Lima Vidal, Jos\u00e9 Batista de Barros, Madson Gois Diniz, S\u00e9rgio Ricardo Vieira Ramos (orgs.)<\/p>\n<p>eBook \u2014 PDF, EPUB e MOBI<\/p>\n<p>Ao longo desses 60 anos o <a href=\"https:\/\/www.ufpe.br\/cap\" target=\"_blank\" rel=\"noopener\">Col\u00e9gio de Aplica\u00e7\u00e3o da UFPE<\/a> (CAp) tem se apresentado como uma escola que busca conhecer e se envolver com a realidade social que a cerca, colaborando na forma\u00e7\u00e3o do cidad\u00e3o reflexivo, cr\u00edtico e part\u00edcipe, ao buscar alternativas comuns e solu\u00e7\u00f5es partilhadas na constru\u00e7\u00e3o de uma sociedade justa, igualit\u00e1ria, democr\u00e1tica e solid\u00e1ria. Muitos motivos temos para celebrar. Muitos motivos tamb\u00e9m para agradecer. Aqui lan\u00e7amos nossas mem\u00f3rias como ecos de reflex\u00e3o e resist\u00eancia para gera\u00e7\u00f5es futuras. Isso \u00e9 fruto de um trabalho conjunto de todos e todas que fazem o CAp\/UFPE: os servidores t\u00e9cnicos lotados na escola. Os docentes, distribu\u00eddos em suas \u00e1reas de conhecimento, forma\u00e7\u00e3o e atua\u00e7\u00e3o. Os alunos e alunas, que nos desafiam diariamente a aprender ensinando e a ensinar aprendendo. Os familiares\/pais\/respons\u00e1veis, pela parceria Escola-Fam\u00edlia estabelecida. Os funcion\u00e1rios terceirizados, pela disponibilidade e empenho. \u2014 Madson G\u00f3is Diniz<\/p>\n<p>1\u00aa Edi\u00e7\u00e3o. Pipa Comunica\u00e7\u00e3o. 2018.<br \/>\nISBN 978-85-66530-83-4<br \/>\n308p. : Il., Fig., Quadros. (e-book)<br \/>\n1. Educa\u00e7\u00e3o. 2. Ensino B\u00e1sico. 3. Col\u00e9gio de Aplica\u00e7\u00e3o. 4. CAp\/UFPE. 5. 60 anos.<\/p>\n<ul>\n<li>Download PDF: <a href=\"http:\/\/bit.ly\/CAp60PDF\" target=\"_blank\" rel=\"noopener\">http:\/\/bit.ly\/CAp60PDF<\/a> ou via <a href=\"https:\/\/www.dropbox.com\/s\/y03w22t7xurxh2k\/ebook-CAp%2060%20anos.pdf?dl=0\" target=\"_blank\" rel=\"noopener\">Dropbox<\/a><\/li>\n<li>Download EPUB: <a href=\"http:\/\/bit.ly\/CAp60EPUB\" target=\"_blank\" rel=\"noopener\">http:\/\/bit.ly\/CAp60EPUB<\/a> ou via <a href=\"https:\/\/www.dropbox.com\/s\/sml5wiptrvb3op3\/ebook-CAp%2060%20anos.epub?dl=0\" target=\"_blank\" rel=\"noopener\">Dropbox<\/a><\/li>\n<li>Download MOBI: <a href=\"http:\/\/bit.ly\/CAp60MOBI\" target=\"_blank\" rel=\"noopener\">http:\/\/bit.ly\/CAp60MOBI<\/a>ou via <a href=\"https:\/\/www.dropbox.com\/s\/9uhv555dg72pg6z\/ebook-CAp%2060%20anos.mobi?dl=0\" target=\"_blank\" rel=\"noopener\">Dropbox<\/a><\/li>\n<li>Leitura online no ISSUU: <a href=\"https:\/\/issuu.com\/pipacomunica\/docs\/ebook-cap_60_anos\" target=\"_blank\" rel=\"noopener\">ebook-cap_60_anos<\/a><\/li>\n<\/ul>\n<p>Consulte informa\u00e7\u00f5es sobre cada formato no link: <a href=\"https:\/\/www.pipacomunica.com.br\/livrariadapipa\/formatos\/\" target=\"_blank\" rel=\"noopener\">https:\/\/www.pipacomunica.com.br\/livrariadapipa\/formatos\/<\/a><\/p>\n","protected":false},"featured_media":2823,"comment_status":"open","ping_status":"closed","template":"","meta":{"jetpack_post_was_ever_published":false,"jetpack_publicize_message":"","jetpack_publicize_feature_enabled":true,"jetpack_social_post_already_shared":false,"jetpack_social_options":{"image_generator_settings":{"template":"highway","default_image_id":0,"font":"","enabled":false},"version":2}},"product_brand":[],"product_cat":[34,19,17],"product_tag":[],"class_list":{"0":"post-2822","1":"product","2":"type-product","3":"status-publish","4":"has-post-thumbnail","6":"product_cat-sem-categoria","7":"product_cat-livros-digitais","8":"product_cat-gratuitos","10":"first","11":"instock","12":"shipping-taxable","13":"product-type-external"},"yoast_head":"<!-- This site is optimized with the Yoast SEO plugin v27.1.1 - https:\/\/yoast.com\/product\/yoast-seo-wordpress\/ -->\n<title>Mem\u00f3rias de forma\u00e7\u00e3o: do ser e do sentir<\/title>\n<meta name=\"description\" content=\"Em seus 60 anos o CAp\/UFPE ampliou ainda mais seus di\u00e1logos buscando a voz de servidores t\u00e9cnicos, docentes, funcion\u00e1rios, ex-alunos, familiares, pais e respons\u00e1veis que escreveram suas mem\u00f3rias para ajudar a registrar a hist\u00f3ria de uma das melhores escolas p\u00fablicas do pa\u00eds.\" \/>\n<meta name=\"robots\" content=\"index, follow, max-snippet:-1, max-image-preview:large, max-video-preview:-1\" \/>\n<link rel=\"canonical\" href=\"https:\/\/www.pipacomunica.com.br\/livrariadapipa\/produto\/memorias-de-formacao\/\" \/>\n<meta property=\"og:locale\" content=\"pt_BR\" \/>\n<meta property=\"og:type\" content=\"article\" \/>\n<meta property=\"og:title\" content=\"Mem\u00f3rias de forma\u00e7\u00e3o: do ser e do sentir\" \/>\n<meta property=\"og:description\" content=\"Em seus 60 anos o CAp\/UFPE ampliou ainda mais seus di\u00e1logos buscando a voz de servidores t\u00e9cnicos, docentes, funcion\u00e1rios, ex-alunos, familiares, pais e respons\u00e1veis que escreveram suas mem\u00f3rias para ajudar a registrar a hist\u00f3ria de uma das melhores escolas p\u00fablicas do pa\u00eds.\" \/>\n<meta property=\"og:url\" content=\"https:\/\/www.pipacomunica.com.br\/livrariadapipa\/produto\/memorias-de-formacao\/\" \/>\n<meta property=\"og:site_name\" content=\"Livraria da Pipa Comunica\u00e7\u00e3o\" \/>\n<meta property=\"article:publisher\" content=\"https:\/\/www.facebook.com\/pipacomunica\" \/>\n<meta property=\"article:modified_time\" content=\"2023-02-03T19:26:10+00:00\" \/>\n<meta property=\"og:image\" content=\"https:\/\/www.pipacomunica.com.br\/livrariadapipa\/wp-content\/uploads\/2018\/11\/thumb-ebook-CAp-60-anos-30.png\" \/>\n\t<meta property=\"og:image:width\" content=\"1200\" \/>\n\t<meta property=\"og:image:height\" content=\"623\" \/>\n\t<meta property=\"og:image:type\" content=\"image\/png\" \/>\n<meta name=\"twitter:card\" content=\"summary_large_image\" \/>\n<meta name=\"twitter:title\" content=\"Mem\u00f3rias de forma\u00e7\u00e3o: do ser e do sentir\" \/>\n<meta name=\"twitter:description\" content=\"A obra estimula a reflex\u00e3o sobre a argumenta\u00e7\u00e3o e a constru\u00e7\u00e3o do argumento no ensino da escrita na universidade, abrindo caminho para pr\u00e1ticas educativas relevantes no ensino superior brasileiro. Reflex\u00f5es que podem contribuir tamb\u00e9m para pr\u00e1ticas educativas de docentes em diferentes n\u00edveis.\" \/>\n<meta name=\"twitter:image\" content=\"https:\/\/i0.wp.com\/www.pipacomunica.com.br\/livrariadapipa\/wp-content\/uploads\/2018\/11\/thumb-ebook-CAp-60-anos-30.png?fit=1200%2C623&ssl=1\" \/>\n<meta name=\"twitter:site\" content=\"@PipaComunica\" \/>\n<meta name=\"twitter:label1\" content=\"Est. tempo de leitura\" \/>\n\t<meta name=\"twitter:data1\" content=\"2 minutos\" \/>\n<script type=\"application\/ld+json\" class=\"yoast-schema-graph\">{\"@context\":\"https:\/\/schema.org\",\"@graph\":[{\"@type\":\"WebPage\",\"@id\":\"https:\/\/www.pipacomunica.com.br\/livrariadapipa\/produto\/memorias-de-formacao\/\",\"url\":\"https:\/\/www.pipacomunica.com.br\/livrariadapipa\/produto\/memorias-de-formacao\/\",\"name\":\"Mem\u00f3rias de forma\u00e7\u00e3o: do ser e do sentir\",\"isPartOf\":{\"@id\":\"https:\/\/www.pipacomunica.com.br\/livrariadapipa\/#website\"},\"primaryImageOfPage\":{\"@id\":\"https:\/\/www.pipacomunica.com.br\/livrariadapipa\/produto\/memorias-de-formacao\/#primaryimage\"},\"image\":{\"@id\":\"https:\/\/www.pipacomunica.com.br\/livrariadapipa\/produto\/memorias-de-formacao\/#primaryimage\"},\"thumbnailUrl\":\"https:\/\/i0.wp.com\/www.pipacomunica.com.br\/livrariadapipa\/wp-content\/uploads\/2018\/11\/memorias-de-formacao.png?fit=461%2C595&ssl=1\",\"datePublished\":\"2018-11-25T14:35:12+00:00\",\"dateModified\":\"2023-02-03T19:26:10+00:00\",\"description\":\"Em seus 60 anos o CAp\/UFPE ampliou ainda mais seus di\u00e1logos buscando a voz de servidores t\u00e9cnicos, docentes, funcion\u00e1rios, ex-alunos, familiares, pais e respons\u00e1veis que escreveram suas mem\u00f3rias para ajudar a registrar a hist\u00f3ria de uma das melhores escolas p\u00fablicas do pa\u00eds.\",\"breadcrumb\":{\"@id\":\"https:\/\/www.pipacomunica.com.br\/livrariadapipa\/produto\/memorias-de-formacao\/#breadcrumb\"},\"inLanguage\":\"pt-BR\",\"potentialAction\":[{\"@type\":\"ReadAction\",\"target\":[\"https:\/\/www.pipacomunica.com.br\/livrariadapipa\/produto\/memorias-de-formacao\/\"]}]},{\"@type\":\"ImageObject\",\"inLanguage\":\"pt-BR\",\"@id\":\"https:\/\/www.pipacomunica.com.br\/livrariadapipa\/produto\/memorias-de-formacao\/#primaryimage\",\"url\":\"https:\/\/i0.wp.com\/www.pipacomunica.com.br\/livrariadapipa\/wp-content\/uploads\/2018\/11\/memorias-de-formacao.png?fit=461%2C595&ssl=1\",\"contentUrl\":\"https:\/\/i0.wp.com\/www.pipacomunica.com.br\/livrariadapipa\/wp-content\/uploads\/2018\/11\/memorias-de-formacao.png?fit=461%2C595&ssl=1\",\"width\":461,\"height\":595,\"caption\":\"Mem\u00f3rias de forma\u00e7\u00e3o: do ser e do sentir.\"},{\"@type\":\"BreadcrumbList\",\"@id\":\"https:\/\/www.pipacomunica.com.br\/livrariadapipa\/produto\/memorias-de-formacao\/#breadcrumb\",\"itemListElement\":[{\"@type\":\"ListItem\",\"position\":1,\"name\":\"In\u00edcio\",\"item\":\"https:\/\/www.pipacomunica.com.br\/livrariadapipa\/\"},{\"@type\":\"ListItem\",\"position\":2,\"name\":\"Cat\u00e1logo\",\"item\":\"https:\/\/www.pipacomunica.com.br\/livrariadapipa\/vitrine\/\"},{\"@type\":\"ListItem\",\"position\":3,\"name\":\"Mem\u00f3rias de forma\u00e7\u00e3o: do ser e do sentir\"}]},{\"@type\":\"WebSite\",\"@id\":\"https:\/\/www.pipacomunica.com.br\/livrariadapipa\/#website\",\"url\":\"https:\/\/www.pipacomunica.com.br\/livrariadapipa\/\",\"name\":\"Livraria da Pipa Comunica\u00e7\u00e3o\",\"description\":\"Livros mais baratos que xerox\",\"publisher\":{\"@id\":\"https:\/\/www.pipacomunica.com.br\/livrariadapipa\/#organization\"},\"potentialAction\":[{\"@type\":\"SearchAction\",\"target\":{\"@type\":\"EntryPoint\",\"urlTemplate\":\"https:\/\/www.pipacomunica.com.br\/livrariadapipa\/?s={search_term_string}\"},\"query-input\":{\"@type\":\"PropertyValueSpecification\",\"valueRequired\":true,\"valueName\":\"search_term_string\"}}],\"inLanguage\":\"pt-BR\"},{\"@type\":\"Organization\",\"@id\":\"https:\/\/www.pipacomunica.com.br\/livrariadapipa\/#organization\",\"name\":\"Livraria da Pipa Comunica\u00e7\u00e3o\",\"url\":\"https:\/\/www.pipacomunica.com.br\/livrariadapipa\/\",\"logo\":{\"@type\":\"ImageObject\",\"inLanguage\":\"pt-BR\",\"@id\":\"https:\/\/www.pipacomunica.com.br\/livrariadapipa\/#\/schema\/logo\/image\/\",\"url\":\"https:\/\/i0.wp.com\/www.pipacomunica.com.br\/livrariadapipa\/wp-content\/uploads\/2018\/09\/marca-livraria-pipa-400px-negativo.png?fit=400%2C80&ssl=1\",\"contentUrl\":\"https:\/\/i0.wp.com\/www.pipacomunica.com.br\/livrariadapipa\/wp-content\/uploads\/2018\/09\/marca-livraria-pipa-400px-negativo.png?fit=400%2C80&ssl=1\",\"width\":400,\"height\":80,\"caption\":\"Livraria da Pipa Comunica\u00e7\u00e3o\"},\"image\":{\"@id\":\"https:\/\/www.pipacomunica.com.br\/livrariadapipa\/#\/schema\/logo\/image\/\"},\"sameAs\":[\"https:\/\/www.facebook.com\/pipacomunica\",\"https:\/\/x.com\/PipaComunica\",\"https:\/\/instagram.com\/pipacomunicacao\",\"http:\/\/www.linkedin.com\/companies\/pipa-comunica-o\",\"https:\/\/br.pinterest.com\/pipacomunicacao\/\",\"http:\/\/il.youtube.com\/user\/pipacomunicacao\"]}]}<\/script>\n<!-- \/ Yoast SEO plugin. -->","yoast_head_json":{"title":"Mem\u00f3rias de forma\u00e7\u00e3o: do ser e do sentir","description":"Em seus 60 anos o CAp\/UFPE ampliou ainda mais seus di\u00e1logos buscando a voz de servidores t\u00e9cnicos, docentes, funcion\u00e1rios, ex-alunos, familiares, pais e respons\u00e1veis que escreveram suas mem\u00f3rias para ajudar a registrar a hist\u00f3ria de uma das melhores escolas p\u00fablicas do pa\u00eds.","robots":{"index":"index","follow":"follow","max-snippet":"max-snippet:-1","max-image-preview":"max-image-preview:large","max-video-preview":"max-video-preview:-1"},"canonical":"https:\/\/www.pipacomunica.com.br\/livrariadapipa\/produto\/memorias-de-formacao\/","og_locale":"pt_BR","og_type":"article","og_title":"Mem\u00f3rias de forma\u00e7\u00e3o: do ser e do sentir","og_description":"Em seus 60 anos o CAp\/UFPE ampliou ainda mais seus di\u00e1logos buscando a voz de servidores t\u00e9cnicos, docentes, funcion\u00e1rios, ex-alunos, familiares, pais e respons\u00e1veis que escreveram suas mem\u00f3rias para ajudar a registrar a hist\u00f3ria de uma das melhores escolas p\u00fablicas do pa\u00eds.","og_url":"https:\/\/www.pipacomunica.com.br\/livrariadapipa\/produto\/memorias-de-formacao\/","og_site_name":"Livraria da Pipa Comunica\u00e7\u00e3o","article_publisher":"https:\/\/www.facebook.com\/pipacomunica","article_modified_time":"2023-02-03T19:26:10+00:00","og_image":[{"width":1200,"height":623,"url":"https:\/\/www.pipacomunica.com.br\/livrariadapipa\/wp-content\/uploads\/2018\/11\/thumb-ebook-CAp-60-anos-30.png","type":"image\/png"}],"twitter_card":"summary_large_image","twitter_title":"Mem\u00f3rias de forma\u00e7\u00e3o: do ser e do sentir","twitter_description":"A obra estimula a reflex\u00e3o sobre a argumenta\u00e7\u00e3o e a constru\u00e7\u00e3o do argumento no ensino da escrita na universidade, abrindo caminho para pr\u00e1ticas educativas relevantes no ensino superior brasileiro. Reflex\u00f5es que podem contribuir tamb\u00e9m para pr\u00e1ticas educativas de docentes em diferentes n\u00edveis.","twitter_image":"https:\/\/i0.wp.com\/www.pipacomunica.com.br\/livrariadapipa\/wp-content\/uploads\/2018\/11\/thumb-ebook-CAp-60-anos-30.png?fit=1200%2C623&ssl=1","twitter_site":"@PipaComunica","twitter_misc":{"Est. tempo de leitura":"2 minutos"},"schema":{"@context":"https:\/\/schema.org","@graph":[{"@type":"WebPage","@id":"https:\/\/www.pipacomunica.com.br\/livrariadapipa\/produto\/memorias-de-formacao\/","url":"https:\/\/www.pipacomunica.com.br\/livrariadapipa\/produto\/memorias-de-formacao\/","name":"Mem\u00f3rias de forma\u00e7\u00e3o: do ser e do sentir","isPartOf":{"@id":"https:\/\/www.pipacomunica.com.br\/livrariadapipa\/#website"},"primaryImageOfPage":{"@id":"https:\/\/www.pipacomunica.com.br\/livrariadapipa\/produto\/memorias-de-formacao\/#primaryimage"},"image":{"@id":"https:\/\/www.pipacomunica.com.br\/livrariadapipa\/produto\/memorias-de-formacao\/#primaryimage"},"thumbnailUrl":"https:\/\/i0.wp.com\/www.pipacomunica.com.br\/livrariadapipa\/wp-content\/uploads\/2018\/11\/memorias-de-formacao.png?fit=461%2C595&ssl=1","datePublished":"2018-11-25T14:35:12+00:00","dateModified":"2023-02-03T19:26:10+00:00","description":"Em seus 60 anos o CAp\/UFPE ampliou ainda mais seus di\u00e1logos buscando a voz de servidores t\u00e9cnicos, docentes, funcion\u00e1rios, ex-alunos, familiares, pais e respons\u00e1veis que escreveram suas mem\u00f3rias para ajudar a registrar a hist\u00f3ria de uma das melhores escolas p\u00fablicas do pa\u00eds.","breadcrumb":{"@id":"https:\/\/www.pipacomunica.com.br\/livrariadapipa\/produto\/memorias-de-formacao\/#breadcrumb"},"inLanguage":"pt-BR","potentialAction":[{"@type":"ReadAction","target":["https:\/\/www.pipacomunica.com.br\/livrariadapipa\/produto\/memorias-de-formacao\/"]}]},{"@type":"ImageObject","inLanguage":"pt-BR","@id":"https:\/\/www.pipacomunica.com.br\/livrariadapipa\/produto\/memorias-de-formacao\/#primaryimage","url":"https:\/\/i0.wp.com\/www.pipacomunica.com.br\/livrariadapipa\/wp-content\/uploads\/2018\/11\/memorias-de-formacao.png?fit=461%2C595&ssl=1","contentUrl":"https:\/\/i0.wp.com\/www.pipacomunica.com.br\/livrariadapipa\/wp-content\/uploads\/2018\/11\/memorias-de-formacao.png?fit=461%2C595&ssl=1","width":461,"height":595,"caption":"Mem\u00f3rias de forma\u00e7\u00e3o: do ser e do sentir."},{"@type":"BreadcrumbList","@id":"https:\/\/www.pipacomunica.com.br\/livrariadapipa\/produto\/memorias-de-formacao\/#breadcrumb","itemListElement":[{"@type":"ListItem","position":1,"name":"In\u00edcio","item":"https:\/\/www.pipacomunica.com.br\/livrariadapipa\/"},{"@type":"ListItem","position":2,"name":"Cat\u00e1logo","item":"https:\/\/www.pipacomunica.com.br\/livrariadapipa\/vitrine\/"},{"@type":"ListItem","position":3,"name":"Mem\u00f3rias de forma\u00e7\u00e3o: do ser e do sentir"}]},{"@type":"WebSite","@id":"https:\/\/www.pipacomunica.com.br\/livrariadapipa\/#website","url":"https:\/\/www.pipacomunica.com.br\/livrariadapipa\/","name":"Livraria da Pipa Comunica\u00e7\u00e3o","description":"Livros mais baratos que xerox","publisher":{"@id":"https:\/\/www.pipacomunica.com.br\/livrariadapipa\/#organization"},"potentialAction":[{"@type":"SearchAction","target":{"@type":"EntryPoint","urlTemplate":"https:\/\/www.pipacomunica.com.br\/livrariadapipa\/?s={search_term_string}"},"query-input":{"@type":"PropertyValueSpecification","valueRequired":true,"valueName":"search_term_string"}}],"inLanguage":"pt-BR"},{"@type":"Organization","@id":"https:\/\/www.pipacomunica.com.br\/livrariadapipa\/#organization","name":"Livraria da Pipa Comunica\u00e7\u00e3o","url":"https:\/\/www.pipacomunica.com.br\/livrariadapipa\/","logo":{"@type":"ImageObject","inLanguage":"pt-BR","@id":"https:\/\/www.pipacomunica.com.br\/livrariadapipa\/#\/schema\/logo\/image\/","url":"https:\/\/i0.wp.com\/www.pipacomunica.com.br\/livrariadapipa\/wp-content\/uploads\/2018\/09\/marca-livraria-pipa-400px-negativo.png?fit=400%2C80&ssl=1","contentUrl":"https:\/\/i0.wp.com\/www.pipacomunica.com.br\/livrariadapipa\/wp-content\/uploads\/2018\/09\/marca-livraria-pipa-400px-negativo.png?fit=400%2C80&ssl=1","width":400,"height":80,"caption":"Livraria da Pipa Comunica\u00e7\u00e3o"},"image":{"@id":"https:\/\/www.pipacomunica.com.br\/livrariadapipa\/#\/schema\/logo\/image\/"},"sameAs":["https:\/\/www.facebook.com\/pipacomunica","https:\/\/x.com\/PipaComunica","https:\/\/instagram.com\/pipacomunicacao","http:\/\/www.linkedin.com\/companies\/pipa-comunica-o","https:\/\/br.pinterest.com\/pipacomunicacao\/","http:\/\/il.youtube.com\/user\/pipacomunicacao"]}]}},"jetpack_publicize_connections":[],"jetpack_sharing_enabled":true,"_links":{"self":[{"href":"https:\/\/www.pipacomunica.com.br\/livrariadapipa\/wp-json\/wp\/v2\/product\/2822","targetHints":{"allow":["GET"]}}],"collection":[{"href":"https:\/\/www.pipacomunica.com.br\/livrariadapipa\/wp-json\/wp\/v2\/product"}],"about":[{"href":"https:\/\/www.pipacomunica.com.br\/livrariadapipa\/wp-json\/wp\/v2\/types\/product"}],"replies":[{"embeddable":true,"href":"https:\/\/www.pipacomunica.com.br\/livrariadapipa\/wp-json\/wp\/v2\/comments?post=2822"}],"version-history":[{"count":2,"href":"https:\/\/www.pipacomunica.com.br\/livrariadapipa\/wp-json\/wp\/v2\/product\/2822\/revisions"}],"predecessor-version":[{"id":11934,"href":"https:\/\/www.pipacomunica.com.br\/livrariadapipa\/wp-json\/wp\/v2\/product\/2822\/revisions\/11934"}],"wp:featuredmedia":[{"embeddable":true,"href":"https:\/\/www.pipacomunica.com.br\/livrariadapipa\/wp-json\/wp\/v2\/media\/2823"}],"wp:attachment":[{"href":"https:\/\/www.pipacomunica.com.br\/livrariadapipa\/wp-json\/wp\/v2\/media?parent=2822"}],"wp:term":[{"taxonomy":"product_brand","embeddable":true,"href":"https:\/\/www.pipacomunica.com.br\/livrariadapipa\/wp-json\/wp\/v2\/product_brand?post=2822"},{"taxonomy":"product_cat","embeddable":true,"href":"https:\/\/www.pipacomunica.com.br\/livrariadapipa\/wp-json\/wp\/v2\/product_cat?post=2822"},{"taxonomy":"product_tag","embeddable":true,"href":"https:\/\/www.pipacomunica.com.br\/livrariadapipa\/wp-json\/wp\/v2\/product_tag?post=2822"}],"curies":[{"name":"wp","href":"https:\/\/api.w.org\/{rel}","templated":true}]}}